{"id":4017,"date":"2022-06-27T17:27:40","date_gmt":"2022-06-27T16:27:40","guid":{"rendered":"https:\/\/www.oadc.cz\/?page_id=4017"},"modified":"2022-10-20T11:28:07","modified_gmt":"2022-10-20T10:28:07","slug":"my-vsichni-pro-klima","status":"publish","type":"page","link":"https:\/\/www.oadc.cz\/index.php\/aktivity\/projekt-1planet4all\/my-vsichni-pro-klima\/","title":{"rendered":"My v\u0161ichni pro klima"},"content":{"rendered":"\t\t<div data-elementor-type=\"wp-page\" data-elementor-id=\"4017\" class=\"elementor elementor-4017\" data-elementor-post-type=\"page\">\n\t\t\t\t\t\t<section class=\"elementor-section elementor-top-section elementor-element elementor-element-5eb03e8 elementor-section-boxed elementor-section-height-default elementor-section-height-default\" data-id=\"5eb03e8\" data-element_type=\"section\">\n\t\t\t\t\t\t<div class=\"elementor-container elementor-column-gap-default\">\n\t\t\t\t\t<div class=\"elementor-column elementor-col-100 elementor-top-column elementor-element elementor-element-482f9ce\" data-id=\"482f9ce\" data-element_type=\"column\">\n\t\t\t<div class=\"elementor-widget-wrap elementor-element-populated\">\n\t\t\t\t\t\t<div class=\"elementor-element elementor-element-b386354 elementor-widget elementor-widget-text-editor\" data-id=\"b386354\" data-element_type=\"widget\" data-widget_type=\"text-editor.default\">\n\t\t\t\t<div class=\"elementor-widget-container\">\n\t\t\t<style>\/*! elementor - v3.19.0 - 26-02-2024 *\/\n.elementor-widget-text-editor.elementor-drop-cap-view-stacked .elementor-drop-cap{background-color:#69727d;color:#fff}.elementor-widget-text-editor.elementor-drop-cap-view-framed .elementor-drop-cap{color:#69727d;border:3px solid;background-color:transparent}.elementor-widget-text-editor:not(.elementor-drop-cap-view-default) .elementor-drop-cap{margin-top:8px}.elementor-widget-text-editor:not(.elementor-drop-cap-view-default) .elementor-drop-cap-letter{width:1em;height:1em}.elementor-widget-text-editor .elementor-drop-cap{float:left;text-align:center;line-height:1;font-size:50px}.elementor-widget-text-editor .elementor-drop-cap-letter{display:inline-block}<\/style>\t\t\t\t<p>Dne 21.6.2022 se uskute\u010dnil projekt 1.E Evropsk\u00e9 obchodn\u00ed akademie s n\u00e1zvem My v\u0161ichni pro klima. Program byl zam\u011b\u0159en\u00fd na \u017e\u00e1ky 8. ro\u010dn\u00edk\u016f ze 4 z\u00e1kladn\u00edch \u0161kol (Z\u0160 Komensk\u00e9ho n\u00e1m\u011bst\u00ed, Z\u0160 M\u00e1chovo n\u00e1m\u011bst\u00ed, Z\u0160 Bynov, Z\u0160 Dr. M. Tyr\u0161e)<br \/>v D\u011b\u010d\u00edn\u011b.<br \/>D\u011bti byly rozd\u011bleny do sout\u011b\u017en\u00edch skupinek, ve kter\u00fdch se sna\u017eily vyhr\u00e1t mal\u00e9 ceny od na\u0161ich sponzor\u016f. Den s osm\u00e1ky m\u011bl dv\u011b \u010d\u00e1sti. Prvn\u00ed hodinu a p\u016fl \u017e\u00e1ci str\u00e1vili u n\u00e1s ve \u0161kole, kde jsme se s nimi seznamovali a prost\u0159ednictv\u00edm her jsme jim p\u0159ed\u00e1vali informace o klimatick\u00e9 zm\u011bn\u011b.<br \/>Jako n\u00e1zorn\u00fd p\u0159\u00edklad mo\u017enosti \u0161et\u0159en\u00ed \u017eivotn\u00edho prost\u0159ed\u00ed vyu\u017eit\u00edm vegansk\u00e9 stravy jsme \u00fa\u010dastn\u00edk\u016fm p\u0159ipravili i chutn\u00e9 dezerty, nap\u0159. chia pudink, vegansk\u00e9 su\u0161enky nebo t\u0159eba vegansk\u00fd cheesecake. Za suroviny d\u011bkujeme bezobalov\u00e9mu obchodu Biokoko D\u011b\u010d\u00edn.<br \/>Druh\u00e1 \u010d\u00e1st prob\u00edhala venku v podz\u00e1m\u010d\u00ed. Zde \u010dekalo \u00fa\u010dastn\u00edky \u0161est stanovi\u0161\u0165 s \u00fakoly t\u00fdkaj\u00edc\u00edmi se klimatick\u00e9 zm\u011bny. P\u0159i pln\u011bn\u00ed t\u011bchto zad\u00e1n\u00ed m\u011bli mo\u017enost zu\u017eitkovat informace z vnit\u0159n\u00ed \u010d\u00e1sti. Z ka\u017ed\u00e9 t\u0159\u00eddy byla ocen\u011bna jedna v\u00fdhern\u00ed skupinka. Sponzorsk\u00e9 dary n\u00e1m v\u011bnovali Biokoko, Rock Empire a D\u00e1me J\u00eddlo.<br \/>Cel\u00fd den jsme si v\u0161ichni moc u\u017eili a ve zp\u011btn\u00e9 vazb\u011b od \u017e\u00e1k\u016f jsme sl\u00fdchali to sam\u00e9. D\u011bkujeme!<br \/>\u017d\u00e1ky ale \u010dek\u00e1 je\u0161t\u011b t\u00fddenn\u00ed v\u00fdzva \u2013 v pr\u016fb\u011bhu p\u011bti dn\u016f nafot\u00ed, jak se sami pod\u00edl\u00ed na ochran\u011b klimatu. Tato v\u00fdzva je z\u00e1rove\u0148 dal\u0161\u00ed sout\u011b\u017e\u00ed, tentokr\u00e1t cel\u00e9 t\u0159\u00eddy, o jeden den str\u00e1ven\u00fd na kolob\u011b\u017ek\u00e1ch zap\u016fj\u010den\u00fdch v ActivePointu D\u011b\u010d\u00edn.<br \/>Akce prob\u00edhala ve spolupr\u00e1ci s organizac\u00ed \u010clov\u011bk v t\u00edsni a byla finan\u010dn\u011b podpo\u0159ena z prost\u0159edk\u016f EU a St\u00e1tn\u00edho fondu \u017eivotn\u00edho prost\u0159ed\u00ed \u010cesk\u00e9 republiky na z\u00e1klad\u011b rozhodnut\u00ed ministra \u017eivotn\u00edho prost\u0159ed\u00ed.<\/p><p><img fetchpriority=\"high\" decoding=\"async\" class=\"aligncenter wp-image-4021 size-large\" src=\"https:\/\/www.oadc.cz\/wp-content\/uploads\/2022\/06\/20220627-00_Logolink_1Planet_SFZP-1024x140.jpg\" alt=\"\" width=\"1024\" height=\"140\" srcset=\"https:\/\/www.oadc.cz\/wp-content\/uploads\/2022\/06\/20220627-00_Logolink_1Planet_SFZP-1024x140.jpg 1024w, https:\/\/www.oadc.cz\/wp-content\/uploads\/2022\/06\/20220627-00_Logolink_1Planet_SFZP-300x41.jpg 300w, https:\/\/www.oadc.cz\/wp-content\/uploads\/2022\/06\/20220627-00_Logolink_1Planet_SFZP-768x105.jpg 768w, https:\/\/www.oadc.cz\/wp-content\/uploads\/2022\/06\/20220627-00_Logolink_1Planet_SFZP-1536x210.jpg 1536w, https:\/\/www.oadc.cz\/wp-content\/uploads\/2022\/06\/20220627-00_Logolink_1Planet_SFZP.jpg 1873w\" sizes=\"(max-width: 1024px) 100vw, 1024px\" \/><\/p>\t\t\t\t\t\t<\/div>\n\t\t\t\t<\/div>\n\t\t\t\t\t<\/div>\n\t\t<\/div>\n\t\t\t\t\t<\/div>\n\t\t<\/section>\n\t\t\t\t<section class=\"elementor-section elementor-top-section elementor-element elementor-element-7e4ddde elementor-section-boxed elementor-section-height-default elementor-section-height-default\" data-id=\"7e4ddde\" data-element_type=\"section\">\n\t\t\t\t\t\t<div class=\"elementor-container elementor-column-gap-default\">\n\t\t\t\t\t<div class=\"elementor-column elementor-col-33 elementor-top-column elementor-element elementor-element-c3fb3a4\" data-id=\"c3fb3a4\" data-element_type=\"column\">\n\t\t\t<div class=\"elementor-widget-wrap elementor-element-populated\">\n\t\t\t\t\t\t<div class=\"elementor-element elementor-element-582010e elementor-widget elementor-widget-image\" data-id=\"582010e\" data-element_type=\"widget\" data-widget_type=\"image.default\">\n\t\t\t\t<div class=\"elementor-widget-container\">\n\t\t\t<style>\/*! elementor - v3.19.0 - 26-02-2024 *\/\n.elementor-widget-image{text-align:center}.elementor-widget-image a{display:inline-block}.elementor-widget-image a img[src$=\".svg\"]{width:48px}.elementor-widget-image img{vertical-align:middle;display:inline-block}<\/style>\t\t\t\t\t\t\t\t\t\t<img decoding=\"async\" width=\"768\" height=\"1024\" src=\"https:\/\/www.oadc.cz\/wp-content\/uploads\/2022\/06\/20220627-trida-768x1024.jpg\" class=\"attachment-large size-large wp-image-4023\" alt=\"\" srcset=\"https:\/\/www.oadc.cz\/wp-content\/uploads\/2022\/06\/20220627-trida-768x1024.jpg 768w, https:\/\/www.oadc.cz\/wp-content\/uploads\/2022\/06\/20220627-trida-225x300.jpg 225w, https:\/\/www.oadc.cz\/wp-content\/uploads\/2022\/06\/20220627-trida-1152x1536.jpg 1152w, https:\/\/www.oadc.cz\/wp-content\/uploads\/2022\/06\/20220627-trida.jpg 1200w\" sizes=\"(max-width: 768px) 100vw, 768px\" \/>\t\t\t\t\t\t\t\t\t\t\t\t\t<\/div>\n\t\t\t\t<\/div>\n\t\t\t\t\t<\/div>\n\t\t<\/div>\n\t\t\t\t<div class=\"elementor-column elementor-col-33 elementor-top-column elementor-element elementor-element-2d8df52\" data-id=\"2d8df52\" data-element_type=\"column\">\n\t\t\t<div class=\"elementor-widget-wrap elementor-element-populated\">\n\t\t\t\t\t\t<div class=\"elementor-element elementor-element-0d32b1b elementor-widget elementor-widget-image\" data-id=\"0d32b1b\" data-element_type=\"widget\" data-widget_type=\"image.default\">\n\t\t\t\t<div class=\"elementor-widget-container\">\n\t\t\t\t\t\t\t\t\t\t\t\t\t<img decoding=\"async\" width=\"600\" height=\"900\" src=\"https:\/\/www.oadc.cz\/wp-content\/uploads\/2022\/06\/20220627-logo.jpg\" class=\"attachment-large size-large wp-image-4022\" alt=\"\" srcset=\"https:\/\/www.oadc.cz\/wp-content\/uploads\/2022\/06\/20220627-logo.jpg 600w, https:\/\/www.oadc.cz\/wp-content\/uploads\/2022\/06\/20220627-logo-200x300.jpg 200w\" sizes=\"(max-width: 600px) 100vw, 600px\" \/>\t\t\t\t\t\t\t\t\t\t\t\t\t<\/div>\n\t\t\t\t<\/div>\n\t\t\t\t\t<\/div>\n\t\t<\/div>\n\t\t\t\t<div class=\"elementor-column elementor-col-33 elementor-top-column elementor-element elementor-element-2609cf9\" data-id=\"2609cf9\" data-element_type=\"column\">\n\t\t\t<div class=\"elementor-widget-wrap elementor-element-populated\">\n\t\t\t\t\t\t<div class=\"elementor-element elementor-element-f8216c4 elementor-widget elementor-widget-image\" data-id=\"f8216c4\" data-element_type=\"widget\" data-widget_type=\"image.default\">\n\t\t\t\t<div class=\"elementor-widget-container\">\n\t\t\t\t\t\t\t\t\t\t\t\t\t<img loading=\"lazy\" decoding=\"async\" width=\"768\" height=\"1024\" src=\"https:\/\/www.oadc.cz\/wp-content\/uploads\/2022\/06\/20220627-ucastnici-768x1024.jpg\" class=\"attachment-large size-large wp-image-4024\" alt=\"\" srcset=\"https:\/\/www.oadc.cz\/wp-content\/uploads\/2022\/06\/20220627-ucastnici-768x1024.jpg 768w, https:\/\/www.oadc.cz\/wp-content\/uploads\/2022\/06\/20220627-ucastnici-225x300.jpg 225w, https:\/\/www.oadc.cz\/wp-content\/uploads\/2022\/06\/20220627-ucastnici.jpg 1024w\" sizes=\"(max-width: 768px) 100vw, 768px\" \/>\t\t\t\t\t\t\t\t\t\t\t\t\t<\/div>\n\t\t\t\t<\/div>\n\t\t\t\t\t<\/div>\n\t\t<\/div>\n\t\t\t\t\t<\/div>\n\t\t<\/section>\n\t\t\t\t<\/div>\n\t\t","protected":false},"excerpt":{"rendered":"<p>Dne 21.6.2022 se uskute\u010dnil projekt 1.E Evropsk\u00e9 obchodn\u00ed akademie s n\u00e1zvem My v\u0161ichni pro klima. Program byl zam\u011b\u0159en\u00fd na \u017e\u00e1ky 8. ro\u010dn\u00edk\u016f ze 4 z\u00e1kladn\u00edch \u0161kol (Z\u0160 Komensk\u00e9ho n\u00e1m\u011bst\u00ed, Z\u0160 M\u00e1chovo n\u00e1m\u011bst\u00ed, Z\u0160 Bynov, Z\u0160 Dr. M. Tyr\u0161e)v D\u011b\u010d\u00edn\u011b.D\u011bti byly rozd\u011bleny do sout\u011b\u017en\u00edch skupinek, ve kter\u00fdch se sna\u017eily vyhr\u00e1t mal\u00e9 ceny od na\u0161ich sponzor\u016f. Den [&hellip;]<\/p>\n","protected":false},"author":2,"featured_media":4022,"parent":3084,"menu_order":0,"comment_status":"closed","ping_status":"closed","template":"template-parts\/template-homepage.php","meta":{"footnotes":""},"yoast_head":"<!-- This site is optimized with the Yoast SEO plugin v22.1 - https:\/\/yoast.com\/wordpress\/plugins\/seo\/ -->\n<title>My v\u0161ichni pro klima - Evropsk\u00e1 obchodn\u00ed akademie<\/title>\n<meta name=\"robots\" content=\"index, follow, max-snippet:-1, max-image-preview:large, max-video-preview:-1\" \/>\n<link rel=\"canonical\" href=\"https:\/\/www.oadc.cz\/index.php\/aktivity\/projekt-1planet4all\/my-vsichni-pro-klima\/\" \/>\n<meta property=\"og:locale\" content=\"cs_CZ\" \/>\n<meta property=\"og:type\" content=\"article\" \/>\n<meta property=\"og:title\" content=\"My v\u0161ichni pro klima - Evropsk\u00e1 obchodn\u00ed akademie\" \/>\n<meta property=\"og:description\" content=\"Dne 21.6.2022 se uskute\u010dnil projekt 1.E Evropsk\u00e9 obchodn\u00ed akademie s n\u00e1zvem My v\u0161ichni pro klima. Program byl zam\u011b\u0159en\u00fd na \u017e\u00e1ky 8. ro\u010dn\u00edk\u016f ze 4 z\u00e1kladn\u00edch \u0161kol (Z\u0160 Komensk\u00e9ho n\u00e1m\u011bst\u00ed, Z\u0160 M\u00e1chovo n\u00e1m\u011bst\u00ed, Z\u0160 Bynov, Z\u0160 Dr. M. Tyr\u0161e)v D\u011b\u010d\u00edn\u011b.D\u011bti byly rozd\u011bleny do sout\u011b\u017en\u00edch skupinek, ve kter\u00fdch se sna\u017eily vyhr\u00e1t mal\u00e9 ceny od na\u0161ich sponzor\u016f. Den [&hellip;]\" \/>\n<meta property=\"og:url\" content=\"https:\/\/www.oadc.cz\/index.php\/aktivity\/projekt-1planet4all\/my-vsichni-pro-klima\/\" \/>\n<meta property=\"og:site_name\" content=\"Evropsk\u00e1 obchodn\u00ed akademie\" \/>\n<meta property=\"article:publisher\" content=\"https:\/\/www.facebook.com\/eoadc\" \/>\n<meta property=\"article:modified_time\" content=\"2022-10-20T10:28:07+00:00\" \/>\n<meta property=\"og:image\" content=\"https:\/\/www.oadc.cz\/wp-content\/uploads\/2022\/06\/20220627-logo.jpg\" \/>\n\t<meta property=\"og:image:width\" content=\"600\" \/>\n\t<meta property=\"og:image:height\" content=\"900\" \/>\n\t<meta property=\"og:image:type\" content=\"image\/jpeg\" \/>\n<meta name=\"twitter:card\" content=\"summary_large_image\" \/>\n<meta name=\"twitter:label1\" content=\"Odhadovan\u00e1 doba \u010dten\u00ed\" \/>\n\t<meta name=\"twitter:data1\" content=\"3 minuty\" \/>\n<script type=\"application\/ld+json\" class=\"yoast-schema-graph\">{\"@context\":\"https:\/\/schema.org\",\"@graph\":[{\"@type\":\"WebPage\",\"@id\":\"https:\/\/www.oadc.cz\/index.php\/aktivity\/projekt-1planet4all\/my-vsichni-pro-klima\/\",\"url\":\"https:\/\/www.oadc.cz\/index.php\/aktivity\/projekt-1planet4all\/my-vsichni-pro-klima\/\",\"name\":\"My v\u0161ichni pro klima - Evropsk\u00e1 obchodn\u00ed akademie\",\"isPartOf\":{\"@id\":\"https:\/\/www.oadc.cz\/#website\"},\"datePublished\":\"2022-06-27T16:27:40+00:00\",\"dateModified\":\"2022-10-20T10:28:07+00:00\",\"breadcrumb\":{\"@id\":\"https:\/\/www.oadc.cz\/index.php\/aktivity\/projekt-1planet4all\/my-vsichni-pro-klima\/#breadcrumb\"},\"inLanguage\":\"cs\",\"potentialAction\":[{\"@type\":\"ReadAction\",\"target\":[\"https:\/\/www.oadc.cz\/index.php\/aktivity\/projekt-1planet4all\/my-vsichni-pro-klima\/\"]}]},{\"@type\":\"BreadcrumbList\",\"@id\":\"https:\/\/www.oadc.cz\/index.php\/aktivity\/projekt-1planet4all\/my-vsichni-pro-klima\/#breadcrumb\",\"itemListElement\":[{\"@type\":\"ListItem\",\"position\":1,\"name\":\"Dom\u016f\",\"item\":\"https:\/\/www.oadc.cz\/\"},{\"@type\":\"ListItem\",\"position\":2,\"name\":\"Aktivity\",\"item\":\"https:\/\/www.oadc.cz\/index.php\/aktivity\/\"},{\"@type\":\"ListItem\",\"position\":3,\"name\":\"Projekt 1Planet4All\",\"item\":\"https:\/\/www.oadc.cz\/index.php\/aktivity\/projekt-1planet4all\/\"},{\"@type\":\"ListItem\",\"position\":4,\"name\":\"My v\u0161ichni pro klima\"}]},{\"@type\":\"WebSite\",\"@id\":\"https:\/\/www.oadc.cz\/#website\",\"url\":\"https:\/\/www.oadc.cz\/\",\"name\":\"Evropsk\u00e1 obchodn\u00ed akademie\",\"description\":\"st\u0159edn\u00ed odborn\u00e1 \u0161kola v D\u011b\u010d\u00edn\u011b\",\"publisher\":{\"@id\":\"https:\/\/www.oadc.cz\/#organization\"},\"potentialAction\":[{\"@type\":\"SearchAction\",\"target\":{\"@type\":\"EntryPoint\",\"urlTemplate\":\"https:\/\/www.oadc.cz\/?s={search_term_string}\"},\"query-input\":\"required name=search_term_string\"}],\"inLanguage\":\"cs\"},{\"@type\":\"Organization\",\"@id\":\"https:\/\/www.oadc.cz\/#organization\",\"name\":\"Evropsk\u00e1 Obchodn\u00ed Akademie\",\"url\":\"https:\/\/www.oadc.cz\/\",\"logo\":{\"@type\":\"ImageObject\",\"inLanguage\":\"cs\",\"@id\":\"https:\/\/www.oadc.cz\/#\/schema\/logo\/image\/\",\"url\":\"https:\/\/www.oadc.cz\/wp-content\/uploads\/2020\/12\/EOA-logo_upr.png\",\"contentUrl\":\"https:\/\/www.oadc.cz\/wp-content\/uploads\/2020\/12\/EOA-logo_upr.png\",\"width\":850,\"height\":632,\"caption\":\"Evropsk\u00e1 Obchodn\u00ed Akademie\"},\"image\":{\"@id\":\"https:\/\/www.oadc.cz\/#\/schema\/logo\/image\/\"},\"sameAs\":[\"https:\/\/www.facebook.com\/eoadc\",\"https:\/\/www.instagram.com\/eoa.dc\/\"]}]}<\/script>\n<!-- \/ Yoast SEO plugin. -->","yoast_head_json":{"title":"My v\u0161ichni pro klima - Evropsk\u00e1 obchodn\u00ed akademie","robots":{"index":"index","follow":"follow","max-snippet":"max-snippet:-1","max-image-preview":"max-image-preview:large","max-video-preview":"max-video-preview:-1"},"canonical":"https:\/\/www.oadc.cz\/index.php\/aktivity\/projekt-1planet4all\/my-vsichni-pro-klima\/","og_locale":"cs_CZ","og_type":"article","og_title":"My v\u0161ichni pro klima - Evropsk\u00e1 obchodn\u00ed akademie","og_description":"Dne 21.6.2022 se uskute\u010dnil projekt 1.E Evropsk\u00e9 obchodn\u00ed akademie s n\u00e1zvem My v\u0161ichni pro klima. Program byl zam\u011b\u0159en\u00fd na \u017e\u00e1ky 8. ro\u010dn\u00edk\u016f ze 4 z\u00e1kladn\u00edch \u0161kol (Z\u0160 Komensk\u00e9ho n\u00e1m\u011bst\u00ed, Z\u0160 M\u00e1chovo n\u00e1m\u011bst\u00ed, Z\u0160 Bynov, Z\u0160 Dr. M. Tyr\u0161e)v D\u011b\u010d\u00edn\u011b.D\u011bti byly rozd\u011bleny do sout\u011b\u017en\u00edch skupinek, ve kter\u00fdch se sna\u017eily vyhr\u00e1t mal\u00e9 ceny od na\u0161ich sponzor\u016f. Den [&hellip;]","og_url":"https:\/\/www.oadc.cz\/index.php\/aktivity\/projekt-1planet4all\/my-vsichni-pro-klima\/","og_site_name":"Evropsk\u00e1 obchodn\u00ed akademie","article_publisher":"https:\/\/www.facebook.com\/eoadc","article_modified_time":"2022-10-20T10:28:07+00:00","og_image":[{"width":600,"height":900,"url":"https:\/\/www.oadc.cz\/wp-content\/uploads\/2022\/06\/20220627-logo.jpg","type":"image\/jpeg"}],"twitter_card":"summary_large_image","twitter_misc":{"Odhadovan\u00e1 doba \u010dten\u00ed":"3 minuty"},"schema":{"@context":"https:\/\/schema.org","@graph":[{"@type":"WebPage","@id":"https:\/\/www.oadc.cz\/index.php\/aktivity\/projekt-1planet4all\/my-vsichni-pro-klima\/","url":"https:\/\/www.oadc.cz\/index.php\/aktivity\/projekt-1planet4all\/my-vsichni-pro-klima\/","name":"My v\u0161ichni pro klima - Evropsk\u00e1 obchodn\u00ed akademie","isPartOf":{"@id":"https:\/\/www.oadc.cz\/#website"},"datePublished":"2022-06-27T16:27:40+00:00","dateModified":"2022-10-20T10:28:07+00:00","breadcrumb":{"@id":"https:\/\/www.oadc.cz\/index.php\/aktivity\/projekt-1planet4all\/my-vsichni-pro-klima\/#breadcrumb"},"inLanguage":"cs","potentialAction":[{"@type":"ReadAction","target":["https:\/\/www.oadc.cz\/index.php\/aktivity\/projekt-1planet4all\/my-vsichni-pro-klima\/"]}]},{"@type":"BreadcrumbList","@id":"https:\/\/www.oadc.cz\/index.php\/aktivity\/projekt-1planet4all\/my-vsichni-pro-klima\/#breadcrumb","itemListElement":[{"@type":"ListItem","position":1,"name":"Dom\u016f","item":"https:\/\/www.oadc.cz\/"},{"@type":"ListItem","position":2,"name":"Aktivity","item":"https:\/\/www.oadc.cz\/index.php\/aktivity\/"},{"@type":"ListItem","position":3,"name":"Projekt 1Planet4All","item":"https:\/\/www.oadc.cz\/index.php\/aktivity\/projekt-1planet4all\/"},{"@type":"ListItem","position":4,"name":"My v\u0161ichni pro klima"}]},{"@type":"WebSite","@id":"https:\/\/www.oadc.cz\/#website","url":"https:\/\/www.oadc.cz\/","name":"Evropsk\u00e1 obchodn\u00ed akademie","description":"st\u0159edn\u00ed odborn\u00e1 \u0161kola v D\u011b\u010d\u00edn\u011b","publisher":{"@id":"https:\/\/www.oadc.cz\/#organization"},"potentialAction":[{"@type":"SearchAction","target":{"@type":"EntryPoint","urlTemplate":"https:\/\/www.oadc.cz\/?s={search_term_string}"},"query-input":"required name=search_term_string"}],"inLanguage":"cs"},{"@type":"Organization","@id":"https:\/\/www.oadc.cz\/#organization","name":"Evropsk\u00e1 Obchodn\u00ed Akademie","url":"https:\/\/www.oadc.cz\/","logo":{"@type":"ImageObject","inLanguage":"cs","@id":"https:\/\/www.oadc.cz\/#\/schema\/logo\/image\/","url":"https:\/\/www.oadc.cz\/wp-content\/uploads\/2020\/12\/EOA-logo_upr.png","contentUrl":"https:\/\/www.oadc.cz\/wp-content\/uploads\/2020\/12\/EOA-logo_upr.png","width":850,"height":632,"caption":"Evropsk\u00e1 Obchodn\u00ed Akademie"},"image":{"@id":"https:\/\/www.oadc.cz\/#\/schema\/logo\/image\/"},"sameAs":["https:\/\/www.facebook.com\/eoadc","https:\/\/www.instagram.com\/eoa.dc\/"]}]}},"_links":{"self":[{"href":"https:\/\/www.oadc.cz\/index.php\/wp-json\/wp\/v2\/pages\/4017"}],"collection":[{"href":"https:\/\/www.oadc.cz\/index.php\/wp-json\/wp\/v2\/pages"}],"about":[{"href":"https:\/\/www.oadc.cz\/index.php\/wp-json\/wp\/v2\/types\/page"}],"author":[{"embeddable":true,"href":"https:\/\/www.oadc.cz\/index.php\/wp-json\/wp\/v2\/users\/2"}],"replies":[{"embeddable":true,"href":"https:\/\/www.oadc.cz\/index.php\/wp-json\/wp\/v2\/comments?post=4017"}],"version-history":[{"count":9,"href":"https:\/\/www.oadc.cz\/index.php\/wp-json\/wp\/v2\/pages\/4017\/revisions"}],"predecessor-version":[{"id":4531,"href":"https:\/\/www.oadc.cz\/index.php\/wp-json\/wp\/v2\/pages\/4017\/revisions\/4531"}],"up":[{"embeddable":true,"href":"https:\/\/www.oadc.cz\/index.php\/wp-json\/wp\/v2\/pages\/3084"}],"wp:featuredmedia":[{"embeddable":true,"href":"https:\/\/www.oadc.cz\/index.php\/wp-json\/wp\/v2\/media\/4022"}],"wp:attachment":[{"href":"https:\/\/www.oadc.cz\/index.php\/wp-json\/wp\/v2\/media?parent=4017"}],"curies":[{"name":"wp","href":"https:\/\/api.w.org\/{rel}","templated":true}]}}