{"id":1021,"date":"2021-01-08T13:43:31","date_gmt":"2021-01-08T12:43:31","guid":{"rendered":"http:\/\/oadc.dchosting.cz\/?page_id=1021"},"modified":"2024-01-14T23:27:37","modified_gmt":"2024-01-14T22:27:37","slug":"seznamovaci-pobyt","status":"publish","type":"page","link":"https:\/\/www.oadc.cz\/index.php\/seznamovaci-pobyt\/","title":{"rendered":"Seznamovac\u00ed pobyt"},"content":{"rendered":"\t\t<div data-elementor-type=\"wp-page\" data-elementor-id=\"1021\" class=\"elementor elementor-1021\" data-elementor-post-type=\"page\">\n\t\t\t\t\t\t<section class=\"elementor-section elementor-top-section elementor-element elementor-element-7f43ffe elementor-section-content-middle elementor-section-boxed elementor-section-height-default elementor-section-height-default\" data-id=\"7f43ffe\" data-element_type=\"section\">\n\t\t\t\t\t\t<div class=\"elementor-container elementor-column-gap-no\">\n\t\t\t\t\t<div class=\"elementor-column elementor-col-100 elementor-top-column elementor-element elementor-element-3767e93\" data-id=\"3767e93\" data-element_type=\"column\">\n\t\t\t<div class=\"elementor-widget-wrap elementor-element-populated\">\n\t\t\t\t\t\t<div class=\"elementor-element elementor-element-d2d41e0 elementor-widget elementor-widget-heading\" data-id=\"d2d41e0\" data-element_type=\"widget\" data-widget_type=\"heading.default\">\n\t\t\t\t<div class=\"elementor-widget-container\">\n\t\t\t<style>\/*! elementor - v3.19.0 - 26-02-2024 *\/\n.elementor-heading-title{padding:0;margin:0;line-height:1}.elementor-widget-heading .elementor-heading-title[class*=elementor-size-]>a{color:inherit;font-size:inherit;line-height:inherit}.elementor-widget-heading .elementor-heading-title.elementor-size-small{font-size:15px}.elementor-widget-heading .elementor-heading-title.elementor-size-medium{font-size:19px}.elementor-widget-heading .elementor-heading-title.elementor-size-large{font-size:29px}.elementor-widget-heading .elementor-heading-title.elementor-size-xl{font-size:39px}.elementor-widget-heading .elementor-heading-title.elementor-size-xxl{font-size:59px}<\/style><h4 class=\"elementor-heading-title elementor-size-default\">Seznamovac\u00ed kurz pro 1. ro\u010dn\u00edky<\/h4>\t\t<\/div>\n\t\t\t\t<\/div>\n\t\t\t\t<div class=\"elementor-element elementor-element-e25ce13 elementor-widget elementor-widget-text-editor\" data-id=\"e25ce13\" data-element_type=\"widget\" data-widget_type=\"text-editor.default\">\n\t\t\t\t<div class=\"elementor-widget-container\">\n\t\t\t<style>\/*! elementor - v3.19.0 - 26-02-2024 *\/\n.elementor-widget-text-editor.elementor-drop-cap-view-stacked .elementor-drop-cap{background-color:#69727d;color:#fff}.elementor-widget-text-editor.elementor-drop-cap-view-framed .elementor-drop-cap{color:#69727d;border:3px solid;background-color:transparent}.elementor-widget-text-editor:not(.elementor-drop-cap-view-default) .elementor-drop-cap{margin-top:8px}.elementor-widget-text-editor:not(.elementor-drop-cap-view-default) .elementor-drop-cap-letter{width:1em;height:1em}.elementor-widget-text-editor .elementor-drop-cap{float:left;text-align:center;line-height:1;font-size:50px}.elementor-widget-text-editor .elementor-drop-cap-letter{display:inline-block}<\/style>\t\t\t\t<p>Jako ka\u017ed\u00e9 z\u00e1\u0159\u00ed \u010dekal i letos nov\u00e1\u010dky Evropsk\u00e9 obchodn\u00ed akademie environment\u00e1ln\u011b-vzd\u011bl\u00e1vac\u00ed seznamovac\u00ed pobyt. Hlavn\u00edm c\u00edlem tohoto z\u00e1\u0159ijov\u00e9ho programu je pomoci \u017e\u00e1k\u016fm vytvo\u0159it p\u0159\u00e1telsk\u00e9 vztahy s nov\u00fdmi spolu\u017e\u00e1ky mimo prost\u0159ed\u00ed \u0161koln\u00edch u\u010deben a umo\u017enit tak vznik zdrav\u011b funguj\u00edc\u00edho kolektivu. Prost\u0159ednictv\u00edm simula\u010dn\u00edch her a netradi\u010dn\u00edch z\u00e1\u017eitk\u016f se sna\u017e\u00edme \u017e\u00e1ky motivovat pro vz\u00e1jemnou spolupr\u00e1ci a naslouch\u00e1n\u00ed, efektivn\u00ed komunikaci a toleranci. P\u0159i spole\u010dn\u00e9m \u0159e\u0161en\u00ed outdoorov\u00fdch probl\u00e9mov\u00fdch situac\u00ed tak maj\u00ed mo\u017enost uv\u011bdomit si mimo jin\u00e9 svou vlastn\u00ed roli v nov\u011b vznikaj\u00edc\u00ed skupin\u011b spolu\u017e\u00e1k\u016f a pracovat s ot\u00e1zkami, kter\u00e9 se b\u011bhem aktivit samotn\u00fdch nen\u00e1padn\u011b nab\u00edz\u00ed: Jsem otev\u0159en\u00fd nov\u00fdm p\u0159\u00e1telstv\u00edm? Mohu b\u00fdt \u201etahounem\u201c t\u0159\u00eddy a chci j\u00edm b\u00fdt? Um\u00edm se adaptovat na zm\u011bny, kter\u00e9 mi \u017eivot (nejen v nov\u00e9 \u0161koln\u00ed skupin\u011b) p\u0159in\u00e1\u0161\u00ed? Jak se vypo\u0159\u00e1d\u00e1v\u00e1m s probl\u00e9my? Co m\u011b v \u017eivot\u011b motivuje, a vol\u00edm k p\u0159ekon\u00e1n\u00ed nenad\u00e1l\u00fdch p\u0159ek\u00e1\u017eek vhodn\u00e9 strategie? Jsem druh\u00fdm dostate\u010dn\u011b n\u00e1pomocn\u00fd a osm\u011bl\u00edm se v p\u0159\u00edpad\u011b nouze po\u017e\u00e1dat o pomoc j\u00e1 s\u00e1m?<br \/>Harmoniza\u010dn\u00ed program, b\u011bhem kter\u00e9ho si na\u0161i nov\u00ed \u017e\u00e1ci prohloubili tak\u00e9 sv\u00e9 znalosti o p\u0159\u00edrod\u011b, sezn\u00e1mili se s p\u0159\u00ed\u010dinami i lok\u00e1ln\u00edmi projevy klimatick\u00e9 zm\u011bny v \u010desk\u00e9 p\u0159\u00edrod\u011b (k\u016frovec, probl\u00e9my se zadr\u017eov\u00e1n\u00edm vody v krajin\u011b\u2026) pro n\u00e1s p\u0159ipravili zku\u0161en\u00ed lekto\u0159i ST\u0158EVLIKu. V Old\u0159ichov\u011b v H\u00e1j\u00edch i v Hejnic\u00edch museli v\u0161ichni \u00fa\u010dastn\u00edci prok\u00e1zat nejen s\u00edlu, rozum a mr\u0161tnost. 1. A, E a S \u201eprchali do hor\u201c v n\u00e1dhern\u00e9m prost\u0159ed\u00ed Jizerskohorsk\u00fdch bu\u010din a 1. D se vydala po stop\u011b sv\u00e9 ekologick\u00e9 stopy v nedalek\u00fdch Hejnic\u00edch u Liberce. Nutno poznamenat, \u017ee po\u010das\u00ed letos v\u0161em t\u0159\u00edd\u00e1m p\u0159\u00e1lo a a\u017e na drobn\u00e9 p\u0159eh\u00e1\u0148ky si v\u0161echny \u010dty\u0159i nov\u00e9 t\u0159\u00eddy u\u017e\u00edvaly kr\u00e1sn\u00e9 dny bab\u00edho l\u00e9ta.<br \/>A jak\u00e9 konkr\u00e9tn\u00ed \u00fakoly a p\u0159ek\u00e1\u017eky nov\u00e1\u010dci v\u0161ech na\u0161ich zam\u011b\u0159en\u00ed \u00fasp\u011b\u0161n\u011b zdolali? Nahl\u00e9dn\u011bte do p\u0159ilo\u017een\u00e9 fotogalerie.<\/p>\t\t\t\t\t\t<\/div>\n\t\t\t\t<\/div>\n\t\t\t\t<div class=\"elementor-element elementor-element-eacba53 elementor-widget elementor-widget-image-gallery\" data-id=\"eacba53\" data-element_type=\"widget\" data-widget_type=\"image-gallery.default\">\n\t\t\t\t<div class=\"elementor-widget-container\">\n\t\t\t<style>\/*! elementor - v3.19.0 - 26-02-2024 *\/\n.elementor-image-gallery .gallery-item{display:inline-block;text-align:center;vertical-align:top;width:100%;max-width:100%;margin:0 auto}.elementor-image-gallery .gallery-item img{margin:0 auto}.elementor-image-gallery .gallery-item .gallery-caption{margin:0}.elementor-image-gallery figure img{display:block}.elementor-image-gallery figure figcaption{width:100%}.gallery-spacing-custom .elementor-image-gallery .gallery-icon{padding:0}@media (min-width:768px){.elementor-image-gallery .gallery-columns-2 .gallery-item{max-width:50%}.elementor-image-gallery .gallery-columns-3 .gallery-item{max-width:33.33%}.elementor-image-gallery .gallery-columns-4 .gallery-item{max-width:25%}.elementor-image-gallery .gallery-columns-5 .gallery-item{max-width:20%}.elementor-image-gallery .gallery-columns-6 .gallery-item{max-width:16.666%}.elementor-image-gallery .gallery-columns-7 .gallery-item{max-width:14.28%}.elementor-image-gallery .gallery-columns-8 .gallery-item{max-width:12.5%}.elementor-image-gallery .gallery-columns-9 .gallery-item{max-width:11.11%}.elementor-image-gallery .gallery-columns-10 .gallery-item{max-width:10%}}@media (min-width:480px) and (max-width:767px){.elementor-image-gallery .gallery.gallery-columns-2 .gallery-item,.elementor-image-gallery .gallery.gallery-columns-3 .gallery-item,.elementor-image-gallery .gallery.gallery-columns-4 .gallery-item,.elementor-image-gallery .gallery.gallery-columns-5 .gallery-item,.elementor-image-gallery .gallery.gallery-columns-6 .gallery-item,.elementor-image-gallery .gallery.gallery-columns-7 .gallery-item,.elementor-image-gallery .gallery.gallery-columns-8 .gallery-item,.elementor-image-gallery .gallery.gallery-columns-9 .gallery-item,.elementor-image-gallery .gallery.gallery-columns-10 .gallery-item{max-width:50%}}@media (max-width:479px){.elementor-image-gallery .gallery.gallery-columns-2 .gallery-item,.elementor-image-gallery .gallery.gallery-columns-3 .gallery-item,.elementor-image-gallery .gallery.gallery-columns-4 .gallery-item,.elementor-image-gallery .gallery.gallery-columns-5 .gallery-item,.elementor-image-gallery .gallery.gallery-columns-6 .gallery-item,.elementor-image-gallery .gallery.gallery-columns-7 .gallery-item,.elementor-image-gallery .gallery.gallery-columns-8 .gallery-item,.elementor-image-gallery .gallery.gallery-columns-9 .gallery-item,.elementor-image-gallery .gallery.gallery-columns-10 .gallery-item{max-width:100%}}<\/style>\t\t<div class=\"elementor-image-gallery\">\n\t\t\t\n\t\t<style type=\"text\/css\">\n\t\t\t#gallery-1 {\n\t\t\t\tmargin: auto;\n\t\t\t}\n\t\t\t#gallery-1 .gallery-item {\n\t\t\t\tfloat: left;\n\t\t\t\tmargin-top: 10px;\n\t\t\t\ttext-align: center;\n\t\t\t\twidth: 25%;\n\t\t\t}\n\t\t\t#gallery-1 img {\n\t\t\t\tborder: 2px solid #cfcfcf;\n\t\t\t}\n\t\t\t#gallery-1 .gallery-caption {\n\t\t\t\tmargin-left: 0;\n\t\t\t}\n\t\t\t\/* see gallery_shortcode() in wp-includes\/media.php *\/\n\t\t<\/style>\n\t\t<div id='gallery-1' class='gallery galleryid-1021 gallery-columns-4 gallery-size-thumbnail'><dl class='gallery-item'>\n\t\t\t<dt class='gallery-icon landscape'>\n\t\t\t\t<a data-elementor-open-lightbox=\"yes\" data-elementor-lightbox-slideshow=\"eacba53\" data-elementor-lightbox-title=\"Seznamovac\u00edPobyt-12\" data-e-action-hash=\"#elementor-action%3Aaction%3Dlightbox%26settings%3DeyJpZCI6Njg4MCwidXJsIjoiaHR0cHM6XC9cL3d3dy5vYWRjLmN6XC93cC1jb250ZW50XC91cGxvYWRzXC8yMDIzXC8wOVwvU2V6bmFtb3ZhY2lQb2J5dC0xMi1zY2FsZWQuanBnIiwic2xpZGVzaG93IjoiZWFjYmE1MyJ9\" href='https:\/\/www.oadc.cz\/wp-content\/uploads\/2023\/09\/SeznamovaciPobyt-12-scaled.jpg'><img decoding=\"async\" width=\"150\" height=\"150\" src=\"https:\/\/www.oadc.cz\/wp-content\/uploads\/2023\/09\/SeznamovaciPobyt-12-150x150.jpg\" class=\"attachment-thumbnail size-thumbnail\" alt=\"Seznamovac\u00ed kurz pro 1. ro\u010dn\u00edky\" aria-describedby=\"gallery-1-6880\" srcset=\"https:\/\/www.oadc.cz\/wp-content\/uploads\/2023\/09\/SeznamovaciPobyt-12-150x150.jpg 150w, https:\/\/www.oadc.cz\/wp-content\/uploads\/2023\/09\/SeznamovaciPobyt-12-300x300.jpg 300w\" sizes=\"(max-width: 150px) 100vw, 150px\" \/><\/a>\n\t\t\t<\/dt>\n\t\t\t\t<dd class='wp-caption-text gallery-caption' id='gallery-1-6880'>\n\t\t\t\tSeznamovac\u00ed kurz pro 1. ro\u010dn\u00edky\n\t\t\t\t<\/dd><\/dl><dl class='gallery-item'>\n\t\t\t<dt class='gallery-icon landscape'>\n\t\t\t\t<a data-elementor-open-lightbox=\"yes\" data-elementor-lightbox-slideshow=\"eacba53\" data-elementor-lightbox-title=\"Seznamovac\u00edPobyt-11\" data-e-action-hash=\"#elementor-action%3Aaction%3Dlightbox%26settings%3DeyJpZCI6Njg3OSwidXJsIjoiaHR0cHM6XC9cL3d3dy5vYWRjLmN6XC93cC1jb250ZW50XC91cGxvYWRzXC8yMDIzXC8wOVwvU2V6bmFtb3ZhY2lQb2J5dC0xMS1zY2FsZWQuanBnIiwic2xpZGVzaG93IjoiZWFjYmE1MyJ9\" href='https:\/\/www.oadc.cz\/wp-content\/uploads\/2023\/09\/SeznamovaciPobyt-11-scaled.jpg'><img decoding=\"async\" width=\"150\" height=\"150\" src=\"https:\/\/www.oadc.cz\/wp-content\/uploads\/2023\/09\/SeznamovaciPobyt-11-150x150.jpg\" class=\"attachment-thumbnail size-thumbnail\" alt=\"Seznamovac\u00ed kurz pro 1. ro\u010dn\u00edky\" aria-describedby=\"gallery-1-6879\" srcset=\"https:\/\/www.oadc.cz\/wp-content\/uploads\/2023\/09\/SeznamovaciPobyt-11-150x150.jpg 150w, https:\/\/www.oadc.cz\/wp-content\/uploads\/2023\/09\/SeznamovaciPobyt-11-300x300.jpg 300w\" sizes=\"(max-width: 150px) 100vw, 150px\" \/><\/a>\n\t\t\t<\/dt>\n\t\t\t\t<dd class='wp-caption-text gallery-caption' id='gallery-1-6879'>\n\t\t\t\tSeznamovac\u00ed kurz pro 1. ro\u010dn\u00edky\n\t\t\t\t<\/dd><\/dl><dl class='gallery-item'>\n\t\t\t<dt class='gallery-icon landscape'>\n\t\t\t\t<a data-elementor-open-lightbox=\"yes\" data-elementor-lightbox-slideshow=\"eacba53\" data-elementor-lightbox-title=\"Seznamovac\u00edPobyt-10\" data-e-action-hash=\"#elementor-action%3Aaction%3Dlightbox%26settings%3DeyJpZCI6Njg3OCwidXJsIjoiaHR0cHM6XC9cL3d3dy5vYWRjLmN6XC93cC1jb250ZW50XC91cGxvYWRzXC8yMDIzXC8wOVwvU2V6bmFtb3ZhY2lQb2J5dC0xMC1zY2FsZWQuanBnIiwic2xpZGVzaG93IjoiZWFjYmE1MyJ9\" href='https:\/\/www.oadc.cz\/wp-content\/uploads\/2023\/09\/SeznamovaciPobyt-10-scaled.jpg'><img decoding=\"async\" width=\"150\" height=\"150\" src=\"https:\/\/www.oadc.cz\/wp-content\/uploads\/2023\/09\/SeznamovaciPobyt-10-150x150.jpg\" class=\"attachment-thumbnail size-thumbnail\" alt=\"Seznamovac\u00ed kurz pro 1. ro\u010dn\u00edky\" aria-describedby=\"gallery-1-6878\" srcset=\"https:\/\/www.oadc.cz\/wp-content\/uploads\/2023\/09\/SeznamovaciPobyt-10-150x150.jpg 150w, https:\/\/www.oadc.cz\/wp-content\/uploads\/2023\/09\/SeznamovaciPobyt-10-300x300.jpg 300w\" sizes=\"(max-width: 150px) 100vw, 150px\" \/><\/a>\n\t\t\t<\/dt>\n\t\t\t\t<dd class='wp-caption-text gallery-caption' id='gallery-1-6878'>\n\t\t\t\tSeznamovac\u00ed kurz pro 1. ro\u010dn\u00edky\n\t\t\t\t<\/dd><\/dl><dl class='gallery-item'>\n\t\t\t<dt class='gallery-icon portrait'>\n\t\t\t\t<a data-elementor-open-lightbox=\"yes\" data-elementor-lightbox-slideshow=\"eacba53\" data-elementor-lightbox-title=\"Seznamovac\u00edPobyt-09\" data-e-action-hash=\"#elementor-action%3Aaction%3Dlightbox%26settings%3DeyJpZCI6Njg3NywidXJsIjoiaHR0cHM6XC9cL3d3dy5vYWRjLmN6XC93cC1jb250ZW50XC91cGxvYWRzXC8yMDIzXC8wOVwvU2V6bmFtb3ZhY2lQb2J5dC0wOS1zY2FsZWQuanBnIiwic2xpZGVzaG93IjoiZWFjYmE1MyJ9\" href='https:\/\/www.oadc.cz\/wp-content\/uploads\/2023\/09\/SeznamovaciPobyt-09-scaled.jpg'><img loading=\"lazy\" decoding=\"async\" width=\"150\" height=\"150\" src=\"https:\/\/www.oadc.cz\/wp-content\/uploads\/2023\/09\/SeznamovaciPobyt-09-150x150.jpg\" class=\"attachment-thumbnail size-thumbnail\" alt=\"Seznamovac\u00ed kurz pro 1. ro\u010dn\u00edky\" aria-describedby=\"gallery-1-6877\" srcset=\"https:\/\/www.oadc.cz\/wp-content\/uploads\/2023\/09\/SeznamovaciPobyt-09-150x150.jpg 150w, https:\/\/www.oadc.cz\/wp-content\/uploads\/2023\/09\/SeznamovaciPobyt-09-300x300.jpg 300w\" sizes=\"(max-width: 150px) 100vw, 150px\" \/><\/a>\n\t\t\t<\/dt>\n\t\t\t\t<dd class='wp-caption-text gallery-caption' id='gallery-1-6877'>\n\t\t\t\tSeznamovac\u00ed kurz pro 1. ro\u010dn\u00edky\n\t\t\t\t<\/dd><\/dl><br style=\"clear: both\" \/><dl class='gallery-item'>\n\t\t\t<dt class='gallery-icon portrait'>\n\t\t\t\t<a data-elementor-open-lightbox=\"yes\" data-elementor-lightbox-slideshow=\"eacba53\" data-elementor-lightbox-title=\"Seznamovac\u00edPobyt-08\" data-e-action-hash=\"#elementor-action%3Aaction%3Dlightbox%26settings%3DeyJpZCI6Njg3NiwidXJsIjoiaHR0cHM6XC9cL3d3dy5vYWRjLmN6XC93cC1jb250ZW50XC91cGxvYWRzXC8yMDIzXC8wOVwvU2V6bmFtb3ZhY2lQb2J5dC0wOC1zY2FsZWQuanBnIiwic2xpZGVzaG93IjoiZWFjYmE1MyJ9\" href='https:\/\/www.oadc.cz\/wp-content\/uploads\/2023\/09\/SeznamovaciPobyt-08-scaled.jpg'><img loading=\"lazy\" decoding=\"async\" width=\"150\" height=\"150\" src=\"https:\/\/www.oadc.cz\/wp-content\/uploads\/2023\/09\/SeznamovaciPobyt-08-150x150.jpg\" class=\"attachment-thumbnail size-thumbnail\" alt=\"Seznamovac\u00ed kurz pro 1. ro\u010dn\u00edky\" aria-describedby=\"gallery-1-6876\" srcset=\"https:\/\/www.oadc.cz\/wp-content\/uploads\/2023\/09\/SeznamovaciPobyt-08-150x150.jpg 150w, https:\/\/www.oadc.cz\/wp-content\/uploads\/2023\/09\/SeznamovaciPobyt-08-300x300.jpg 300w\" sizes=\"(max-width: 150px) 100vw, 150px\" \/><\/a>\n\t\t\t<\/dt>\n\t\t\t\t<dd class='wp-caption-text gallery-caption' id='gallery-1-6876'>\n\t\t\t\tSeznamovac\u00ed kurz pro 1. ro\u010dn\u00edky\n\t\t\t\t<\/dd><\/dl><dl class='gallery-item'>\n\t\t\t<dt class='gallery-icon portrait'>\n\t\t\t\t<a data-elementor-open-lightbox=\"yes\" data-elementor-lightbox-slideshow=\"eacba53\" data-elementor-lightbox-title=\"Seznamovac\u00edPobyt-07\" data-e-action-hash=\"#elementor-action%3Aaction%3Dlightbox%26settings%3DeyJpZCI6Njg3NSwidXJsIjoiaHR0cHM6XC9cL3d3dy5vYWRjLmN6XC93cC1jb250ZW50XC91cGxvYWRzXC8yMDIzXC8wOVwvU2V6bmFtb3ZhY2lQb2J5dC0wNy1zY2FsZWQuanBnIiwic2xpZGVzaG93IjoiZWFjYmE1MyJ9\" href='https:\/\/www.oadc.cz\/wp-content\/uploads\/2023\/09\/SeznamovaciPobyt-07-scaled.jpg'><img loading=\"lazy\" decoding=\"async\" width=\"150\" height=\"150\" src=\"https:\/\/www.oadc.cz\/wp-content\/uploads\/2023\/09\/SeznamovaciPobyt-07-150x150.jpg\" class=\"attachment-thumbnail size-thumbnail\" alt=\"Seznamovac\u00ed kurz pro 1. ro\u010dn\u00edky\" aria-describedby=\"gallery-1-6875\" srcset=\"https:\/\/www.oadc.cz\/wp-content\/uploads\/2023\/09\/SeznamovaciPobyt-07-150x150.jpg 150w, https:\/\/www.oadc.cz\/wp-content\/uploads\/2023\/09\/SeznamovaciPobyt-07-300x300.jpg 300w\" sizes=\"(max-width: 150px) 100vw, 150px\" \/><\/a>\n\t\t\t<\/dt>\n\t\t\t\t<dd class='wp-caption-text gallery-caption' id='gallery-1-6875'>\n\t\t\t\tSeznamovac\u00ed kurz pro 1. ro\u010dn\u00edky\n\t\t\t\t<\/dd><\/dl><dl class='gallery-item'>\n\t\t\t<dt class='gallery-icon portrait'>\n\t\t\t\t<a data-elementor-open-lightbox=\"yes\" data-elementor-lightbox-slideshow=\"eacba53\" data-elementor-lightbox-title=\"Seznamovac\u00edPobyt-06\" data-e-action-hash=\"#elementor-action%3Aaction%3Dlightbox%26settings%3DeyJpZCI6Njg3NCwidXJsIjoiaHR0cHM6XC9cL3d3dy5vYWRjLmN6XC93cC1jb250ZW50XC91cGxvYWRzXC8yMDIzXC8wOVwvU2V6bmFtb3ZhY2lQb2J5dC0wNi5qcGciLCJzbGlkZXNob3ciOiJlYWNiYTUzIn0%3D\" href='https:\/\/www.oadc.cz\/wp-content\/uploads\/2023\/09\/SeznamovaciPobyt-06.jpg'><img loading=\"lazy\" decoding=\"async\" width=\"150\" height=\"150\" src=\"https:\/\/www.oadc.cz\/wp-content\/uploads\/2023\/09\/SeznamovaciPobyt-06-150x150.jpg\" class=\"attachment-thumbnail size-thumbnail\" alt=\"Seznamovac\u00ed kurz pro 1. ro\u010dn\u00edky\" aria-describedby=\"gallery-1-6874\" srcset=\"https:\/\/www.oadc.cz\/wp-content\/uploads\/2023\/09\/SeznamovaciPobyt-06-150x150.jpg 150w, https:\/\/www.oadc.cz\/wp-content\/uploads\/2023\/09\/SeznamovaciPobyt-06-300x300.jpg 300w\" sizes=\"(max-width: 150px) 100vw, 150px\" \/><\/a>\n\t\t\t<\/dt>\n\t\t\t\t<dd class='wp-caption-text gallery-caption' id='gallery-1-6874'>\n\t\t\t\tSeznamovac\u00ed kurz pro 1. ro\u010dn\u00edky\n\t\t\t\t<\/dd><\/dl><dl class='gallery-item'>\n\t\t\t<dt class='gallery-icon portrait'>\n\t\t\t\t<a data-elementor-open-lightbox=\"yes\" data-elementor-lightbox-slideshow=\"eacba53\" data-elementor-lightbox-title=\"Seznamovac\u00edPobyt-05\" data-e-action-hash=\"#elementor-action%3Aaction%3Dlightbox%26settings%3DeyJpZCI6Njg3MywidXJsIjoiaHR0cHM6XC9cL3d3dy5vYWRjLmN6XC93cC1jb250ZW50XC91cGxvYWRzXC8yMDIzXC8wOVwvU2V6bmFtb3ZhY2lQb2J5dC0wNS5qcGciLCJzbGlkZXNob3ciOiJlYWNiYTUzIn0%3D\" href='https:\/\/www.oadc.cz\/wp-content\/uploads\/2023\/09\/SeznamovaciPobyt-05.jpg'><img loading=\"lazy\" decoding=\"async\" width=\"150\" height=\"150\" src=\"https:\/\/www.oadc.cz\/wp-content\/uploads\/2023\/09\/SeznamovaciPobyt-05-150x150.jpg\" class=\"attachment-thumbnail size-thumbnail\" alt=\"Seznamovac\u00ed kurz pro 1. ro\u010dn\u00edky\" aria-describedby=\"gallery-1-6873\" srcset=\"https:\/\/www.oadc.cz\/wp-content\/uploads\/2023\/09\/SeznamovaciPobyt-05-150x150.jpg 150w, https:\/\/www.oadc.cz\/wp-content\/uploads\/2023\/09\/SeznamovaciPobyt-05-300x300.jpg 300w\" sizes=\"(max-width: 150px) 100vw, 150px\" \/><\/a>\n\t\t\t<\/dt>\n\t\t\t\t<dd class='wp-caption-text gallery-caption' id='gallery-1-6873'>\n\t\t\t\tSeznamovac\u00ed kurz pro 1. ro\u010dn\u00edky\n\t\t\t\t<\/dd><\/dl><br style=\"clear: both\" \/><dl class='gallery-item'>\n\t\t\t<dt class='gallery-icon landscape'>\n\t\t\t\t<a data-elementor-open-lightbox=\"yes\" data-elementor-lightbox-slideshow=\"eacba53\" data-elementor-lightbox-title=\"Seznamovac\u00edPobyt-04\" data-e-action-hash=\"#elementor-action%3Aaction%3Dlightbox%26settings%3DeyJpZCI6Njg3MiwidXJsIjoiaHR0cHM6XC9cL3d3dy5vYWRjLmN6XC93cC1jb250ZW50XC91cGxvYWRzXC8yMDIzXC8wOVwvU2V6bmFtb3ZhY2lQb2J5dC0wNC5qcGciLCJzbGlkZXNob3ciOiJlYWNiYTUzIn0%3D\" href='https:\/\/www.oadc.cz\/wp-content\/uploads\/2023\/09\/SeznamovaciPobyt-04.jpg'><img loading=\"lazy\" decoding=\"async\" width=\"150\" height=\"150\" src=\"https:\/\/www.oadc.cz\/wp-content\/uploads\/2023\/09\/SeznamovaciPobyt-04-150x150.jpg\" class=\"attachment-thumbnail size-thumbnail\" alt=\"Seznamovac\u00ed kurz pro 1. ro\u010dn\u00edky\" aria-describedby=\"gallery-1-6872\" srcset=\"https:\/\/www.oadc.cz\/wp-content\/uploads\/2023\/09\/SeznamovaciPobyt-04-150x150.jpg 150w, https:\/\/www.oadc.cz\/wp-content\/uploads\/2023\/09\/SeznamovaciPobyt-04-300x300.jpg 300w\" sizes=\"(max-width: 150px) 100vw, 150px\" \/><\/a>\n\t\t\t<\/dt>\n\t\t\t\t<dd class='wp-caption-text gallery-caption' id='gallery-1-6872'>\n\t\t\t\tSeznamovac\u00ed kurz pro 1. ro\u010dn\u00edky\n\t\t\t\t<\/dd><\/dl><dl class='gallery-item'>\n\t\t\t<dt class='gallery-icon portrait'>\n\t\t\t\t<a data-elementor-open-lightbox=\"yes\" data-elementor-lightbox-slideshow=\"eacba53\" data-elementor-lightbox-title=\"Seznamovac\u00edPobyt-03\" data-e-action-hash=\"#elementor-action%3Aaction%3Dlightbox%26settings%3DeyJpZCI6Njg3MSwidXJsIjoiaHR0cHM6XC9cL3d3dy5vYWRjLmN6XC93cC1jb250ZW50XC91cGxvYWRzXC8yMDIzXC8wOVwvU2V6bmFtb3ZhY2lQb2J5dC0wMy1zY2FsZWQuanBnIiwic2xpZGVzaG93IjoiZWFjYmE1MyJ9\" href='https:\/\/www.oadc.cz\/wp-content\/uploads\/2023\/09\/SeznamovaciPobyt-03-scaled.jpg'><img loading=\"lazy\" decoding=\"async\" width=\"150\" height=\"150\" src=\"https:\/\/www.oadc.cz\/wp-content\/uploads\/2023\/09\/SeznamovaciPobyt-03-150x150.jpg\" class=\"attachment-thumbnail size-thumbnail\" alt=\"Seznamovac\u00ed kurz pro 1. ro\u010dn\u00edky\" aria-describedby=\"gallery-1-6871\" srcset=\"https:\/\/www.oadc.cz\/wp-content\/uploads\/2023\/09\/SeznamovaciPobyt-03-150x150.jpg 150w, https:\/\/www.oadc.cz\/wp-content\/uploads\/2023\/09\/SeznamovaciPobyt-03-300x300.jpg 300w\" sizes=\"(max-width: 150px) 100vw, 150px\" \/><\/a>\n\t\t\t<\/dt>\n\t\t\t\t<dd class='wp-caption-text gallery-caption' id='gallery-1-6871'>\n\t\t\t\tSeznamovac\u00ed kurz pro 1. ro\u010dn\u00edky\n\t\t\t\t<\/dd><\/dl><dl class='gallery-item'>\n\t\t\t<dt class='gallery-icon portrait'>\n\t\t\t\t<a data-elementor-open-lightbox=\"yes\" data-elementor-lightbox-slideshow=\"eacba53\" data-elementor-lightbox-title=\"Seznamovac\u00edPobyt-02\" data-e-action-hash=\"#elementor-action%3Aaction%3Dlightbox%26settings%3DeyJpZCI6Njg3MCwidXJsIjoiaHR0cHM6XC9cL3d3dy5vYWRjLmN6XC93cC1jb250ZW50XC91cGxvYWRzXC8yMDIzXC8wOVwvU2V6bmFtb3ZhY2lQb2J5dC0wMi1zY2FsZWQuanBnIiwic2xpZGVzaG93IjoiZWFjYmE1MyJ9\" href='https:\/\/www.oadc.cz\/wp-content\/uploads\/2023\/09\/SeznamovaciPobyt-02-scaled.jpg'><img loading=\"lazy\" decoding=\"async\" width=\"150\" height=\"150\" src=\"https:\/\/www.oadc.cz\/wp-content\/uploads\/2023\/09\/SeznamovaciPobyt-02-150x150.jpg\" class=\"attachment-thumbnail size-thumbnail\" alt=\"Seznamovac\u00ed kurz pro 1. ro\u010dn\u00edky\" aria-describedby=\"gallery-1-6870\" srcset=\"https:\/\/www.oadc.cz\/wp-content\/uploads\/2023\/09\/SeznamovaciPobyt-02-150x150.jpg 150w, https:\/\/www.oadc.cz\/wp-content\/uploads\/2023\/09\/SeznamovaciPobyt-02-300x300.jpg 300w\" sizes=\"(max-width: 150px) 100vw, 150px\" \/><\/a>\n\t\t\t<\/dt>\n\t\t\t\t<dd class='wp-caption-text gallery-caption' id='gallery-1-6870'>\n\t\t\t\tSeznamovac\u00ed kurz pro 1. ro\u010dn\u00edky\n\t\t\t\t<\/dd><\/dl><dl class='gallery-item'>\n\t\t\t<dt class='gallery-icon portrait'>\n\t\t\t\t<a data-elementor-open-lightbox=\"yes\" data-elementor-lightbox-slideshow=\"eacba53\" data-elementor-lightbox-title=\"Seznamovac\u00edPobyt-01\" data-e-action-hash=\"#elementor-action%3Aaction%3Dlightbox%26settings%3DeyJpZCI6Njg2OSwidXJsIjoiaHR0cHM6XC9cL3d3dy5vYWRjLmN6XC93cC1jb250ZW50XC91cGxvYWRzXC8yMDIzXC8wOVwvU2V6bmFtb3ZhY2lQb2J5dC0wMS1zY2FsZWQuanBnIiwic2xpZGVzaG93IjoiZWFjYmE1MyJ9\" href='https:\/\/www.oadc.cz\/wp-content\/uploads\/2023\/09\/SeznamovaciPobyt-01-scaled.jpg'><img loading=\"lazy\" decoding=\"async\" width=\"150\" height=\"150\" src=\"https:\/\/www.oadc.cz\/wp-content\/uploads\/2023\/09\/SeznamovaciPobyt-01-150x150.jpg\" class=\"attachment-thumbnail size-thumbnail\" alt=\"Seznamovac\u00ed kurz pro 1. ro\u010dn\u00edky\" aria-describedby=\"gallery-1-6869\" srcset=\"https:\/\/www.oadc.cz\/wp-content\/uploads\/2023\/09\/SeznamovaciPobyt-01-150x150.jpg 150w, https:\/\/www.oadc.cz\/wp-content\/uploads\/2023\/09\/SeznamovaciPobyt-01-300x300.jpg 300w\" sizes=\"(max-width: 150px) 100vw, 150px\" \/><\/a>\n\t\t\t<\/dt>\n\t\t\t\t<dd class='wp-caption-text gallery-caption' id='gallery-1-6869'>\n\t\t\t\tSeznamovac\u00ed kurz pro 1. ro\u010dn\u00edky\n\t\t\t\t<\/dd><\/dl><br style=\"clear: both\" \/>\n\t\t<\/div>\n\t\t<\/div>\n\t\t\t\t<\/div>\n\t\t\t\t<\/div>\n\t\t\t\t\t<\/div>\n\t\t<\/div>\n\t\t\t\t\t<\/div>\n\t\t<\/section>\n\t\t\t\t<\/div>\n\t\t","protected":false},"excerpt":{"rendered":"<p>Seznamovac\u00ed kurz pro 1. ro\u010dn\u00edky Jako ka\u017ed\u00e9 z\u00e1\u0159\u00ed \u010dekal i letos nov\u00e1\u010dky Evropsk\u00e9 obchodn\u00ed akademie environment\u00e1ln\u011b-vzd\u011bl\u00e1vac\u00ed seznamovac\u00ed pobyt. Hlavn\u00edm c\u00edlem tohoto z\u00e1\u0159ijov\u00e9ho programu je pomoci \u017e\u00e1k\u016fm vytvo\u0159it p\u0159\u00e1telsk\u00e9 vztahy s nov\u00fdmi spolu\u017e\u00e1ky mimo prost\u0159ed\u00ed \u0161koln\u00edch u\u010deben a umo\u017enit tak vznik zdrav\u011b funguj\u00edc\u00edho kolektivu. Prost\u0159ednictv\u00edm simula\u010dn\u00edch her a netradi\u010dn\u00edch z\u00e1\u017eitk\u016f se sna\u017e\u00edme \u017e\u00e1ky motivovat pro vz\u00e1jemnou [&hellip;]<\/p>\n","protected":false},"author":1,"featured_media":0,"parent":0,"menu_order":0,"comment_status":"closed","ping_status":"closed","template":"template-parts\/template-homepage.php","meta":{"footnotes":""},"yoast_head":"<!-- This site is optimized with the Yoast SEO plugin v22.1 - https:\/\/yoast.com\/wordpress\/plugins\/seo\/ -->\n<title>Seznamovac\u00ed pobyt - Evropsk\u00e1 obchodn\u00ed akademie<\/title>\n<meta name=\"robots\" content=\"index, follow, max-snippet:-1, max-image-preview:large, max-video-preview:-1\" \/>\n<link rel=\"canonical\" href=\"https:\/\/www.oadc.cz\/index.php\/seznamovaci-pobyt\/\" \/>\n<meta property=\"og:locale\" content=\"cs_CZ\" \/>\n<meta property=\"og:type\" content=\"article\" \/>\n<meta property=\"og:title\" content=\"Seznamovac\u00ed pobyt - Evropsk\u00e1 obchodn\u00ed akademie\" \/>\n<meta property=\"og:description\" content=\"Seznamovac\u00ed kurz pro 1. ro\u010dn\u00edky Jako ka\u017ed\u00e9 z\u00e1\u0159\u00ed \u010dekal i letos nov\u00e1\u010dky Evropsk\u00e9 obchodn\u00ed akademie environment\u00e1ln\u011b-vzd\u011bl\u00e1vac\u00ed seznamovac\u00ed pobyt. Hlavn\u00edm c\u00edlem tohoto z\u00e1\u0159ijov\u00e9ho programu je pomoci \u017e\u00e1k\u016fm vytvo\u0159it p\u0159\u00e1telsk\u00e9 vztahy s nov\u00fdmi spolu\u017e\u00e1ky mimo prost\u0159ed\u00ed \u0161koln\u00edch u\u010deben a umo\u017enit tak vznik zdrav\u011b funguj\u00edc\u00edho kolektivu. Prost\u0159ednictv\u00edm simula\u010dn\u00edch her a netradi\u010dn\u00edch z\u00e1\u017eitk\u016f se sna\u017e\u00edme \u017e\u00e1ky motivovat pro vz\u00e1jemnou [&hellip;]\" \/>\n<meta property=\"og:url\" content=\"https:\/\/www.oadc.cz\/index.php\/seznamovaci-pobyt\/\" \/>\n<meta property=\"og:site_name\" content=\"Evropsk\u00e1 obchodn\u00ed akademie\" \/>\n<meta property=\"article:publisher\" content=\"https:\/\/www.facebook.com\/eoadc\" \/>\n<meta property=\"article:modified_time\" content=\"2024-01-14T22:27:37+00:00\" \/>\n<meta property=\"og:image\" content=\"https:\/\/www.oadc.cz\/wp-content\/uploads\/2023\/09\/SeznamovaciPobyt-12-150x150.jpg\" \/>\n<meta name=\"twitter:card\" content=\"summary_large_image\" \/>\n<meta name=\"twitter:label1\" content=\"Odhadovan\u00e1 doba \u010dten\u00ed\" \/>\n\t<meta name=\"twitter:data1\" content=\"5 minut\" \/>\n<script type=\"application\/ld+json\" class=\"yoast-schema-graph\">{\"@context\":\"https:\/\/schema.org\",\"@graph\":[{\"@type\":\"WebPage\",\"@id\":\"https:\/\/www.oadc.cz\/index.php\/seznamovaci-pobyt\/\",\"url\":\"https:\/\/www.oadc.cz\/index.php\/seznamovaci-pobyt\/\",\"name\":\"Seznamovac\u00ed pobyt - Evropsk\u00e1 obchodn\u00ed akademie\",\"isPartOf\":{\"@id\":\"https:\/\/www.oadc.cz\/#website\"},\"datePublished\":\"2021-01-08T12:43:31+00:00\",\"dateModified\":\"2024-01-14T22:27:37+00:00\",\"breadcrumb\":{\"@id\":\"https:\/\/www.oadc.cz\/index.php\/seznamovaci-pobyt\/#breadcrumb\"},\"inLanguage\":\"cs\",\"potentialAction\":[{\"@type\":\"ReadAction\",\"target\":[\"https:\/\/www.oadc.cz\/index.php\/seznamovaci-pobyt\/\"]}]},{\"@type\":\"BreadcrumbList\",\"@id\":\"https:\/\/www.oadc.cz\/index.php\/seznamovaci-pobyt\/#breadcrumb\",\"itemListElement\":[{\"@type\":\"ListItem\",\"position\":1,\"name\":\"Dom\u016f\",\"item\":\"https:\/\/www.oadc.cz\/\"},{\"@type\":\"ListItem\",\"position\":2,\"name\":\"Seznamovac\u00ed pobyt\"}]},{\"@type\":\"WebSite\",\"@id\":\"https:\/\/www.oadc.cz\/#website\",\"url\":\"https:\/\/www.oadc.cz\/\",\"name\":\"Evropsk\u00e1 obchodn\u00ed akademie\",\"description\":\"st\u0159edn\u00ed odborn\u00e1 \u0161kola v D\u011b\u010d\u00edn\u011b\",\"publisher\":{\"@id\":\"https:\/\/www.oadc.cz\/#organization\"},\"potentialAction\":[{\"@type\":\"SearchAction\",\"target\":{\"@type\":\"EntryPoint\",\"urlTemplate\":\"https:\/\/www.oadc.cz\/?s={search_term_string}\"},\"query-input\":\"required name=search_term_string\"}],\"inLanguage\":\"cs\"},{\"@type\":\"Organization\",\"@id\":\"https:\/\/www.oadc.cz\/#organization\",\"name\":\"Evropsk\u00e1 Obchodn\u00ed Akademie\",\"url\":\"https:\/\/www.oadc.cz\/\",\"logo\":{\"@type\":\"ImageObject\",\"inLanguage\":\"cs\",\"@id\":\"https:\/\/www.oadc.cz\/#\/schema\/logo\/image\/\",\"url\":\"https:\/\/www.oadc.cz\/wp-content\/uploads\/2020\/12\/EOA-logo_upr.png\",\"contentUrl\":\"https:\/\/www.oadc.cz\/wp-content\/uploads\/2020\/12\/EOA-logo_upr.png\",\"width\":850,\"height\":632,\"caption\":\"Evropsk\u00e1 Obchodn\u00ed Akademie\"},\"image\":{\"@id\":\"https:\/\/www.oadc.cz\/#\/schema\/logo\/image\/\"},\"sameAs\":[\"https:\/\/www.facebook.com\/eoadc\",\"https:\/\/www.instagram.com\/eoa.dc\/\"]}]}<\/script>\n<!-- \/ Yoast SEO plugin. -->","yoast_head_json":{"title":"Seznamovac\u00ed pobyt - Evropsk\u00e1 obchodn\u00ed akademie","robots":{"index":"index","follow":"follow","max-snippet":"max-snippet:-1","max-image-preview":"max-image-preview:large","max-video-preview":"max-video-preview:-1"},"canonical":"https:\/\/www.oadc.cz\/index.php\/seznamovaci-pobyt\/","og_locale":"cs_CZ","og_type":"article","og_title":"Seznamovac\u00ed pobyt - Evropsk\u00e1 obchodn\u00ed akademie","og_description":"Seznamovac\u00ed kurz pro 1. ro\u010dn\u00edky Jako ka\u017ed\u00e9 z\u00e1\u0159\u00ed \u010dekal i letos nov\u00e1\u010dky Evropsk\u00e9 obchodn\u00ed akademie environment\u00e1ln\u011b-vzd\u011bl\u00e1vac\u00ed seznamovac\u00ed pobyt. Hlavn\u00edm c\u00edlem tohoto z\u00e1\u0159ijov\u00e9ho programu je pomoci \u017e\u00e1k\u016fm vytvo\u0159it p\u0159\u00e1telsk\u00e9 vztahy s nov\u00fdmi spolu\u017e\u00e1ky mimo prost\u0159ed\u00ed \u0161koln\u00edch u\u010deben a umo\u017enit tak vznik zdrav\u011b funguj\u00edc\u00edho kolektivu. Prost\u0159ednictv\u00edm simula\u010dn\u00edch her a netradi\u010dn\u00edch z\u00e1\u017eitk\u016f se sna\u017e\u00edme \u017e\u00e1ky motivovat pro vz\u00e1jemnou [&hellip;]","og_url":"https:\/\/www.oadc.cz\/index.php\/seznamovaci-pobyt\/","og_site_name":"Evropsk\u00e1 obchodn\u00ed akademie","article_publisher":"https:\/\/www.facebook.com\/eoadc","article_modified_time":"2024-01-14T22:27:37+00:00","og_image":[{"url":"https:\/\/www.oadc.cz\/wp-content\/uploads\/2023\/09\/SeznamovaciPobyt-12-150x150.jpg"}],"twitter_card":"summary_large_image","twitter_misc":{"Odhadovan\u00e1 doba \u010dten\u00ed":"5 minut"},"schema":{"@context":"https:\/\/schema.org","@graph":[{"@type":"WebPage","@id":"https:\/\/www.oadc.cz\/index.php\/seznamovaci-pobyt\/","url":"https:\/\/www.oadc.cz\/index.php\/seznamovaci-pobyt\/","name":"Seznamovac\u00ed pobyt - Evropsk\u00e1 obchodn\u00ed akademie","isPartOf":{"@id":"https:\/\/www.oadc.cz\/#website"},"datePublished":"2021-01-08T12:43:31+00:00","dateModified":"2024-01-14T22:27:37+00:00","breadcrumb":{"@id":"https:\/\/www.oadc.cz\/index.php\/seznamovaci-pobyt\/#breadcrumb"},"inLanguage":"cs","potentialAction":[{"@type":"ReadAction","target":["https:\/\/www.oadc.cz\/index.php\/seznamovaci-pobyt\/"]}]},{"@type":"BreadcrumbList","@id":"https:\/\/www.oadc.cz\/index.php\/seznamovaci-pobyt\/#breadcrumb","itemListElement":[{"@type":"ListItem","position":1,"name":"Dom\u016f","item":"https:\/\/www.oadc.cz\/"},{"@type":"ListItem","position":2,"name":"Seznamovac\u00ed pobyt"}]},{"@type":"WebSite","@id":"https:\/\/www.oadc.cz\/#website","url":"https:\/\/www.oadc.cz\/","name":"Evropsk\u00e1 obchodn\u00ed akademie","description":"st\u0159edn\u00ed odborn\u00e1 \u0161kola v D\u011b\u010d\u00edn\u011b","publisher":{"@id":"https:\/\/www.oadc.cz\/#organization"},"potentialAction":[{"@type":"SearchAction","target":{"@type":"EntryPoint","urlTemplate":"https:\/\/www.oadc.cz\/?s={search_term_string}"},"query-input":"required name=search_term_string"}],"inLanguage":"cs"},{"@type":"Organization","@id":"https:\/\/www.oadc.cz\/#organization","name":"Evropsk\u00e1 Obchodn\u00ed Akademie","url":"https:\/\/www.oadc.cz\/","logo":{"@type":"ImageObject","inLanguage":"cs","@id":"https:\/\/www.oadc.cz\/#\/schema\/logo\/image\/","url":"https:\/\/www.oadc.cz\/wp-content\/uploads\/2020\/12\/EOA-logo_upr.png","contentUrl":"https:\/\/www.oadc.cz\/wp-content\/uploads\/2020\/12\/EOA-logo_upr.png","width":850,"height":632,"caption":"Evropsk\u00e1 Obchodn\u00ed Akademie"},"image":{"@id":"https:\/\/www.oadc.cz\/#\/schema\/logo\/image\/"},"sameAs":["https:\/\/www.facebook.com\/eoadc","https:\/\/www.instagram.com\/eoa.dc\/"]}]}},"_links":{"self":[{"href":"https:\/\/www.oadc.cz\/index.php\/wp-json\/wp\/v2\/pages\/1021"}],"collection":[{"href":"https:\/\/www.oadc.cz\/index.php\/wp-json\/wp\/v2\/pages"}],"about":[{"href":"https:\/\/www.oadc.cz\/index.php\/wp-json\/wp\/v2\/types\/page"}],"author":[{"embeddable":true,"href":"https:\/\/www.oadc.cz\/index.php\/wp-json\/wp\/v2\/users\/1"}],"replies":[{"embeddable":true,"href":"https:\/\/www.oadc.cz\/index.php\/wp-json\/wp\/v2\/comments?post=1021"}],"version-history":[{"count":28,"href":"https:\/\/www.oadc.cz\/index.php\/wp-json\/wp\/v2\/pages\/1021\/revisions"}],"predecessor-version":[{"id":7893,"href":"https:\/\/www.oadc.cz\/index.php\/wp-json\/wp\/v2\/pages\/1021\/revisions\/7893"}],"wp:attachment":[{"href":"https:\/\/www.oadc.cz\/index.php\/wp-json\/wp\/v2\/media?parent=1021"}],"curies":[{"name":"wp","href":"https:\/\/api.w.org\/{rel}","templated":true}]}}