{"version":"1.0","provider_name":"Evropsk\u00e1 obchodn\u00ed akademie","provider_url":"https:\/\/www.oadc.cz","author_name":"Jan Horais","author_url":"https:\/\/www.oadc.cz\/index.php\/author\/jhorais\/","title":"My v\u0161ichni pro klima - Evropsk\u00e1 obchodn\u00ed akademie","type":"rich","width":600,"height":338,"html":"<blockquote class=\"wp-embedded-content\" data-secret=\"uAAdTfnVy0\"><a href=\"https:\/\/www.oadc.cz\/index.php\/aktivity\/projekt-1planet4all\/my-vsichni-pro-klima\/\">My v\u0161ichni pro klima<\/a><\/blockquote><iframe sandbox=\"allow-scripts\" security=\"restricted\" src=\"https:\/\/www.oadc.cz\/index.php\/aktivity\/projekt-1planet4all\/my-vsichni-pro-klima\/embed\/#?secret=uAAdTfnVy0\" width=\"600\" height=\"338\" title=\"&#8222;My v\u0161ichni pro klima&#8220; &#8212; Evropsk\u00e1 obchodn\u00ed akademie\" data-secret=\"uAAdTfnVy0\" frameborder=\"0\" marginwidth=\"0\" marginheight=\"0\" scrolling=\"no\" class=\"wp-embedded-content\"><\/iframe><script type=\"text\/javascript\">\n\/* <![CDATA[ *\/\n\/*! This file is auto-generated *\/\n!function(d,l){\"use strict\";l.querySelector&&d.addEventListener&&\"undefined\"!=typeof URL&&(d.wp=d.wp||{},d.wp.receiveEmbedMessage||(d.wp.receiveEmbedMessage=function(e){var t=e.data;if((t||t.secret||t.message||t.value)&&!\/[^a-zA-Z0-9]\/.test(t.secret)){for(var s,r,n,a=l.querySelectorAll('iframe[data-secret=\"'+t.secret+'\"]'),o=l.querySelectorAll('blockquote[data-secret=\"'+t.secret+'\"]'),c=new RegExp(\"^https?:$\",\"i\"),i=0;i<o.length;i++)o[i].style.display=\"none\";for(i=0;i<a.length;i++)s=a[i],e.source===s.contentWindow&&(s.removeAttribute(\"style\"),\"height\"===t.message?(1e3<(r=parseInt(t.value,10))?r=1e3:~~r<200&&(r=200),s.height=r):\"link\"===t.message&&(r=new URL(s.getAttribute(\"src\")),n=new URL(t.value),c.test(n.protocol))&&n.host===r.host&&l.activeElement===s&&(d.top.location.href=t.value))}},d.addEventListener(\"message\",d.wp.receiveEmbedMessage,!1),l.addEventListener(\"DOMContentLoaded\",function(){for(var e,t,s=l.querySelectorAll(\"iframe.wp-embedded-content\"),r=0;r<s.length;r++)(t=(e=s[r]).getAttribute(\"data-secret\"))||(t=Math.random().toString(36).substring(2,12),e.src+=\"#?secret=\"+t,e.setAttribute(\"data-secret\",t)),e.contentWindow.postMessage({message:\"ready\",secret:t},\"*\")},!1)))}(window,document);\n\/* ]]> *\/\n<\/script>\n","thumbnail_url":"https:\/\/www.oadc.cz\/wp-content\/uploads\/2022\/06\/20220627-logo.jpg","thumbnail_width":600,"thumbnail_height":900,"description":"Dne 21.6.2022 se uskute\u010dnil projekt 1.E Evropsk\u00e9 obchodn\u00ed akademie s n\u00e1zvem My v\u0161ichni pro klima. Program byl zam\u011b\u0159en\u00fd na \u017e\u00e1ky 8. ro\u010dn\u00edk\u016f ze 4 z\u00e1kladn\u00edch \u0161kol (Z\u0160 Komensk\u00e9ho n\u00e1m\u011bst\u00ed, Z\u0160 M\u00e1chovo n\u00e1m\u011bst\u00ed, Z\u0160 Bynov, Z\u0160 Dr. M. Tyr\u0161e)v D\u011b\u010d\u00edn\u011b.D\u011bti byly rozd\u011bleny do sout\u011b\u017en\u00edch skupinek, ve kter\u00fdch se sna\u017eily vyhr\u00e1t mal\u00e9 ceny od na\u0161ich sponzor\u016f. Den [&hellip;]"}