{"version":"1.0","provider_name":"Evropsk\u00e1 obchodn\u00ed akademie","provider_url":"https:\/\/www.oadc.cz","author_name":"Jan Horais","author_url":"https:\/\/www.oadc.cz\/index.php\/author\/jhorais\/","title":"Nav\u0161t\u00edvili jsme \u010cTK - Evropsk\u00e1 obchodn\u00ed akademie","type":"rich","width":600,"height":338,"html":"<blockquote class=\"wp-embedded-content\" data-secret=\"kEtSi6PnNX\"><a href=\"https:\/\/www.oadc.cz\/index.php\/2025\/01\/29\/navstivili-jsme-ctk-praha\/\">Nav\u0161t\u00edvili jsme \u010cTK<\/a><\/blockquote><iframe sandbox=\"allow-scripts\" security=\"restricted\" src=\"https:\/\/www.oadc.cz\/index.php\/2025\/01\/29\/navstivili-jsme-ctk-praha\/embed\/#?secret=kEtSi6PnNX\" width=\"600\" height=\"338\" title=\"&#8222;Nav\u0161t\u00edvili jsme \u010cTK&#8220; &#8212; Evropsk\u00e1 obchodn\u00ed akademie\" data-secret=\"kEtSi6PnNX\" frameborder=\"0\" marginwidth=\"0\" marginheight=\"0\" scrolling=\"no\" class=\"wp-embedded-content\"><\/iframe><script type=\"text\/javascript\">\n\/* <![CDATA[ *\/\n\/*! This file is auto-generated *\/\n!function(d,l){\"use strict\";l.querySelector&&d.addEventListener&&\"undefined\"!=typeof URL&&(d.wp=d.wp||{},d.wp.receiveEmbedMessage||(d.wp.receiveEmbedMessage=function(e){var t=e.data;if((t||t.secret||t.message||t.value)&&!\/[^a-zA-Z0-9]\/.test(t.secret)){for(var s,r,n,a=l.querySelectorAll('iframe[data-secret=\"'+t.secret+'\"]'),o=l.querySelectorAll('blockquote[data-secret=\"'+t.secret+'\"]'),c=new RegExp(\"^https?:$\",\"i\"),i=0;i<o.length;i++)o[i].style.display=\"none\";for(i=0;i<a.length;i++)s=a[i],e.source===s.contentWindow&&(s.removeAttribute(\"style\"),\"height\"===t.message?(1e3<(r=parseInt(t.value,10))?r=1e3:~~r<200&&(r=200),s.height=r):\"link\"===t.message&&(r=new URL(s.getAttribute(\"src\")),n=new URL(t.value),c.test(n.protocol))&&n.host===r.host&&l.activeElement===s&&(d.top.location.href=t.value))}},d.addEventListener(\"message\",d.wp.receiveEmbedMessage,!1),l.addEventListener(\"DOMContentLoaded\",function(){for(var e,t,s=l.querySelectorAll(\"iframe.wp-embedded-content\"),r=0;r<s.length;r++)(t=(e=s[r]).getAttribute(\"data-secret\"))||(t=Math.random().toString(36).substring(2,12),e.src+=\"#?secret=\"+t,e.setAttribute(\"data-secret\",t)),e.contentWindow.postMessage({message:\"ready\",secret:t},\"*\")},!1)))}(window,document);\n\/* ]]> *\/\n<\/script>\n","thumbnail_url":"https:\/\/www.oadc.cz\/wp-content\/uploads\/2025\/01\/CTK-02-res.jpg","thumbnail_width":1024,"thumbnail_height":591,"description":"D\u00edky pan\u00ed u\u010ditelce Tu\u010dkov\u00e9 m\u011bla 1.A spole\u010dn\u011b s\u00a0\u017e\u00e1ky z\u00a0jin\u00fdch ro\u010dn\u00edk\u016f p\u0159\u00edle\u017eitost se pod\u00edvat do \u010cesk\u00e9 tiskov\u00e9 kancel\u00e1\u0159e. Tato akce se uskute\u010dnila dne 16. ledna 2025 v\u00a0budov\u011b \u010cTK Praha, kde exkurzi vedla \u0159editelka akademie Martina Va\u0161\u00ed\u010dkov\u00e1. Na za\u010d\u00e1tku n\u00e1s uvedla do sv\u011bta m\u00e9di\u00ed a zpravodajstv\u00ed. D\u00e1le n\u00e1sledoval pr\u016flet histori\u00ed \u010cTK od roku 1918. Pot\u00e9 jsme \u0161li [&hellip;]"}