{"version":"1.0","provider_name":"Evropsk\u00e1 obchodn\u00ed akademie","provider_url":"https:\/\/www.oadc.cz","author_name":"Jan Horais","author_url":"https:\/\/www.oadc.cz\/index.php\/author\/jhorais\/","title":"Erasmus Days na Evropsk\u00e9 obchodn\u00ed akademii - Evropsk\u00e1 obchodn\u00ed akademie","type":"rich","width":600,"height":338,"html":"<blockquote class=\"wp-embedded-content\" data-secret=\"F5dIvQJcJV\"><a href=\"https:\/\/www.oadc.cz\/index.php\/2024\/09\/30\/erasmus-days-na-evropske-obchodni-akademii\/\">Erasmus Days na Evropsk\u00e9 obchodn\u00ed akademii<\/a><\/blockquote><iframe sandbox=\"allow-scripts\" security=\"restricted\" src=\"https:\/\/www.oadc.cz\/index.php\/2024\/09\/30\/erasmus-days-na-evropske-obchodni-akademii\/embed\/#?secret=F5dIvQJcJV\" width=\"600\" height=\"338\" title=\"&#8222;Erasmus Days na Evropsk\u00e9 obchodn\u00ed akademii&#8220; &#8212; Evropsk\u00e1 obchodn\u00ed akademie\" data-secret=\"F5dIvQJcJV\" frameborder=\"0\" marginwidth=\"0\" marginheight=\"0\" scrolling=\"no\" class=\"wp-embedded-content\"><\/iframe><script type=\"text\/javascript\">\n\/* <![CDATA[ *\/\n\/*! This file is auto-generated *\/\n!function(d,l){\"use strict\";l.querySelector&&d.addEventListener&&\"undefined\"!=typeof URL&&(d.wp=d.wp||{},d.wp.receiveEmbedMessage||(d.wp.receiveEmbedMessage=function(e){var t=e.data;if((t||t.secret||t.message||t.value)&&!\/[^a-zA-Z0-9]\/.test(t.secret)){for(var s,r,n,a=l.querySelectorAll('iframe[data-secret=\"'+t.secret+'\"]'),o=l.querySelectorAll('blockquote[data-secret=\"'+t.secret+'\"]'),c=new RegExp(\"^https?:$\",\"i\"),i=0;i<o.length;i++)o[i].style.display=\"none\";for(i=0;i<a.length;i++)s=a[i],e.source===s.contentWindow&&(s.removeAttribute(\"style\"),\"height\"===t.message?(1e3<(r=parseInt(t.value,10))?r=1e3:~~r<200&&(r=200),s.height=r):\"link\"===t.message&&(r=new URL(s.getAttribute(\"src\")),n=new URL(t.value),c.test(n.protocol))&&n.host===r.host&&l.activeElement===s&&(d.top.location.href=t.value))}},d.addEventListener(\"message\",d.wp.receiveEmbedMessage,!1),l.addEventListener(\"DOMContentLoaded\",function(){for(var e,t,s=l.querySelectorAll(\"iframe.wp-embedded-content\"),r=0;r<s.length;r++)(t=(e=s[r]).getAttribute(\"data-secret\"))||(t=Math.random().toString(36).substring(2,12),e.src+=\"#?secret=\"+t,e.setAttribute(\"data-secret\",t)),e.contentWindow.postMessage({message:\"ready\",secret:t},\"*\")},!1)))}(window,document);\n\/* ]]> *\/\n<\/script>\n","thumbnail_url":"https:\/\/www.oadc.cz\/wp-content\/uploads\/2024\/09\/EN_erasmusdays_logo_color_without_date_2024.jpg","thumbnail_width":900,"thumbnail_height":368,"description":"Evropsk\u00e1 obchodn\u00ed akademie se i letos zapojuje do celoevropsk\u00e9ho festivalu ERASMUS DAYS a p\u0159ipravila pro v\u00e1s dv\u011b zaj\u00edmav\u00e9 akce. Prezentace student\u016f z pracovn\u00ed st\u00e1\u017ee v Dublinu Datum: 16. \u0159\u00edjna 2024 Na\u0161i studenti, kte\u0159\u00ed na ja\u0159e tohoto roku vycestovali na odbornou pracovn\u00ed st\u00e1\u017e do irsk\u00e9ho Dublinu, si pro v\u00e1s p\u0159ipravili prezentaci sv\u00fdch zku\u0161enost\u00ed. Svoje zku\u0161enosti z [&hellip;]"}