{"version":"1.0","provider_name":"Evropsk\u00e1 obchodn\u00ed akademie","provider_url":"https:\/\/www.oadc.cz","author_name":"Jan Horais","author_url":"https:\/\/www.oadc.cz\/index.php\/author\/jhorais\/","title":"Fin\u00e1le Ekonomick\u00e9 olympi\u00e1dy - Evropsk\u00e1 obchodn\u00ed akademie","type":"rich","width":600,"height":338,"html":"<blockquote class=\"wp-embedded-content\" data-secret=\"NOg6Gzgg25\"><a href=\"https:\/\/www.oadc.cz\/index.php\/2022\/06\/30\/finale-ekonomicke-olympiady\/\">Fin\u00e1le Ekonomick\u00e9 olympi\u00e1dy<\/a><\/blockquote><iframe sandbox=\"allow-scripts\" security=\"restricted\" src=\"https:\/\/www.oadc.cz\/index.php\/2022\/06\/30\/finale-ekonomicke-olympiady\/embed\/#?secret=NOg6Gzgg25\" width=\"600\" height=\"338\" title=\"&#8222;Fin\u00e1le Ekonomick\u00e9 olympi\u00e1dy&#8220; &#8212; Evropsk\u00e1 obchodn\u00ed akademie\" data-secret=\"NOg6Gzgg25\" frameborder=\"0\" marginwidth=\"0\" marginheight=\"0\" scrolling=\"no\" class=\"wp-embedded-content\"><\/iframe><script type=\"text\/javascript\">\n\/* <![CDATA[ *\/\n\/*! This file is auto-generated *\/\n!function(d,l){\"use strict\";l.querySelector&&d.addEventListener&&\"undefined\"!=typeof URL&&(d.wp=d.wp||{},d.wp.receiveEmbedMessage||(d.wp.receiveEmbedMessage=function(e){var t=e.data;if((t||t.secret||t.message||t.value)&&!\/[^a-zA-Z0-9]\/.test(t.secret)){for(var s,r,n,a=l.querySelectorAll('iframe[data-secret=\"'+t.secret+'\"]'),o=l.querySelectorAll('blockquote[data-secret=\"'+t.secret+'\"]'),c=new RegExp(\"^https?:$\",\"i\"),i=0;i<o.length;i++)o[i].style.display=\"none\";for(i=0;i<a.length;i++)s=a[i],e.source===s.contentWindow&&(s.removeAttribute(\"style\"),\"height\"===t.message?(1e3<(r=parseInt(t.value,10))?r=1e3:~~r<200&&(r=200),s.height=r):\"link\"===t.message&&(r=new URL(s.getAttribute(\"src\")),n=new URL(t.value),c.test(n.protocol))&&n.host===r.host&&l.activeElement===s&&(d.top.location.href=t.value))}},d.addEventListener(\"message\",d.wp.receiveEmbedMessage,!1),l.addEventListener(\"DOMContentLoaded\",function(){for(var e,t,s=l.querySelectorAll(\"iframe.wp-embedded-content\"),r=0;r<s.length;r++)(t=(e=s[r]).getAttribute(\"data-secret\"))||(t=Math.random().toString(36).substring(2,12),e.src+=\"#?secret=\"+t,e.setAttribute(\"data-secret\",t)),e.contentWindow.postMessage({message:\"ready\",secret:t},\"*\")},!1)))}(window,document);\n\/* ]]> *\/\n<\/script>\n","thumbnail_url":"https:\/\/www.oadc.cz\/wp-content\/uploads\/2021\/01\/Ekonomicka-olympiada3.jpg","thumbnail_width":885,"thumbnail_height":586,"description":"V\u00a0\u00fater\u00fd 21. \u010dervna 2022 se uskute\u010dnilo fin\u00e1le Ekonomick\u00e9 olympi\u00e1dy v\u00a0prostorech \u010cesk\u00e9 n\u00e1rodn\u00ed banky v\u00a0Praze, do kter\u00e9ho postoupilo 50 nejlep\u0161\u00edch \u017e\u00e1k\u016f z\u00a0cel\u00e9 \u010cesk\u00e9 republiky. Na\u0161i \u0161kolu na tomto fin\u00e1le reprezentoval Mat\u011bj Koberec ze t\u0159\u00eddy 3. E. V\u00a0p\u00edsemn\u00e9 i \u00fastn\u00ed \u010d\u00e1sti je kladen d\u016fraz na schopnost \u017e\u00e1k\u016f samostatn\u011b ekonomicky uva\u017eovat a vyvodit z\u00e1v\u011bry na z\u00e1klad\u011b znalosti ekonomick\u00fdch [&hellip;]"}